{"id":98851,"date":"2026-04-01T12:08:05","date_gmt":"2026-04-01T10:08:05","guid":{"rendered":"https:\/\/www.settdagarna.se\/?post_type=guest&#038;p=98851"},"modified":"2026-04-01T12:08:06","modified_gmt":"2026-04-01T10:08:06","slug":"maria-wilenius","status":"publish","type":"guest","link":"https:\/\/www.settdagarna.se\/sv\/speaker\/maria-wilenius\/","title":{"rendered":"Maria Wilenius"},"content":{"rendered":"\n<p>Maria Wilenius \u00e4r generalsekreterare f\u00f6r Svenska Unescor\u00e5det, en varaktig kommitt\u00e9 under Utbildningsdepartementet med uppdrag att vara l\u00e4nken mellan Unesco och den svenska regeringen. Maria har en l\u00e5ng bakgrund inom h\u00f6gskolesektorn och erfarenhet fr\u00e5n Utbildningsdepartementet, Unesco och olika l\u00e4ros\u00e4ten d\u00e4r hon hanterat fr\u00e5gor kring h\u00f6gre utbildning och forskning.<\/p>\n","protected":false},"excerpt":{"rendered":"<p>Generalsekreterare, Svenska Unescor\u00e5det<\/p>\n","protected":false},"featured_media":98838,"template":"","meta":{"_seopress_robots_primary_cat":"","_seopress_titles_title":"","_seopress_titles_desc":"","_seopress_robots_index":"","_company_name":"","_job_title":"","_visit_me":"","_email":"","_linkedin":"","_twitter":"","_facebook":"","_instagram":"","_youtube":"","_imdb":"","footnotes":""},"edition":[696],"guest_type":[604],"work":[],"class_list":["post-98851","guest","type-guest","status-publish","has-post-thumbnail","hentry","edition-sett-2026","guest_type-sett-stage"],"_cover_image":null,"_links":{"self":[{"href":"https:\/\/www.settdagarna.se\/sv\/wp-json\/wp\/v2\/guest\/98851","targetHints":{"allow":["GET"]}}],"collection":[{"href":"https:\/\/www.settdagarna.se\/sv\/wp-json\/wp\/v2\/guest"}],"about":[{"href":"https:\/\/www.settdagarna.se\/sv\/wp-json\/wp\/v2\/types\/guest"}],"version-history":[{"count":2,"href":"https:\/\/www.settdagarna.se\/sv\/wp-json\/wp\/v2\/guest\/98851\/revisions"}],"predecessor-version":[{"id":98855,"href":"https:\/\/www.settdagarna.se\/sv\/wp-json\/wp\/v2\/guest\/98851\/revisions\/98855"}],"wp:featuredmedia":[{"embeddable":true,"href":"https:\/\/www.settdagarna.se\/sv\/wp-json\/wp\/v2\/media\/98838"}],"wp:attachment":[{"href":"https:\/\/www.settdagarna.se\/sv\/wp-json\/wp\/v2\/media?parent=98851"}],"wp:term":[{"taxonomy":"edition","embeddable":true,"href":"https:\/\/www.settdagarna.se\/sv\/wp-json\/wp\/v2\/edition?post=98851"},{"taxonomy":"guest_type","embeddable":true,"href":"https:\/\/www.settdagarna.se\/sv\/wp-json\/wp\/v2\/guest_type?post=98851"},{"taxonomy":"work","embeddable":true,"href":"https:\/\/www.settdagarna.se\/sv\/wp-json\/wp\/v2\/work?post=98851"}],"curies":[{"name":"wp","href":"https:\/\/api.w.org\/{rel}","templated":true}]}}