{"id":98816,"date":"2026-04-01T11:33:45","date_gmt":"2026-04-01T09:33:45","guid":{"rendered":"https:\/\/www.settdagarna.se\/?post_type=guest&#038;p=98816"},"modified":"2026-04-01T11:33:46","modified_gmt":"2026-04-01T09:33:46","slug":"sofie-kallhage","status":"publish","type":"guest","link":"https:\/\/www.settdagarna.se\/sv\/speaker\/sofie-kallhage\/","title":{"rendered":"Sofie K\u00e4llhage"},"content":{"rendered":"\n<p>Sofie K\u00e4llhage och Josefin Malm \u00e4r f\u00f6rskoll\u00e4rare och jobbar med processer och verksamhetsutveckling i G\u00f6teborg. Tack vare sin podcast \u00a0och sitt brinnande engagemang f\u00f6r f\u00f6rskolutveckling har dem skapat en bred kompetens kring uppdraget. Deras styrka \u00e4r att lyfta andra, se behov och m\u00f6jligheter och oms\u00e4tta teori till praktik.\u00a0<\/p>\n\n\n\n<p><\/p>\n","protected":false},"excerpt":{"rendered":"<p>Leg. F\u00f6rskoll\u00e4rare, F\u00f6rskolepodden<\/p>\n","protected":false},"featured_media":98808,"template":"","meta":{"_seopress_robots_primary_cat":"","_seopress_titles_title":"","_seopress_titles_desc":"","_seopress_robots_index":"","_company_name":"","_job_title":"","_visit_me":"","_email":"","_linkedin":"","_twitter":"","_facebook":"","_instagram":"","_youtube":"","_imdb":"","footnotes":""},"edition":[696],"guest_type":[601],"work":[],"class_list":["post-98816","guest","type-guest","status-publish","has-post-thumbnail","hentry","edition-sett-2026","guest_type-settsparet"],"_cover_image":null,"_links":{"self":[{"href":"https:\/\/www.settdagarna.se\/sv\/wp-json\/wp\/v2\/guest\/98816","targetHints":{"allow":["GET"]}}],"collection":[{"href":"https:\/\/www.settdagarna.se\/sv\/wp-json\/wp\/v2\/guest"}],"about":[{"href":"https:\/\/www.settdagarna.se\/sv\/wp-json\/wp\/v2\/types\/guest"}],"version-history":[{"count":2,"href":"https:\/\/www.settdagarna.se\/sv\/wp-json\/wp\/v2\/guest\/98816\/revisions"}],"predecessor-version":[{"id":98820,"href":"https:\/\/www.settdagarna.se\/sv\/wp-json\/wp\/v2\/guest\/98816\/revisions\/98820"}],"wp:featuredmedia":[{"embeddable":true,"href":"https:\/\/www.settdagarna.se\/sv\/wp-json\/wp\/v2\/media\/98808"}],"wp:attachment":[{"href":"https:\/\/www.settdagarna.se\/sv\/wp-json\/wp\/v2\/media?parent=98816"}],"wp:term":[{"taxonomy":"edition","embeddable":true,"href":"https:\/\/www.settdagarna.se\/sv\/wp-json\/wp\/v2\/edition?post=98816"},{"taxonomy":"guest_type","embeddable":true,"href":"https:\/\/www.settdagarna.se\/sv\/wp-json\/wp\/v2\/guest_type?post=98816"},{"taxonomy":"work","embeddable":true,"href":"https:\/\/www.settdagarna.se\/sv\/wp-json\/wp\/v2\/work?post=98816"}],"curies":[{"name":"wp","href":"https:\/\/api.w.org\/{rel}","templated":true}]}}