{"id":98856,"date":"2026-04-01T12:43:20","date_gmt":"2026-04-01T10:43:20","guid":{"rendered":"https:\/\/www.settdagarna.se\/?post_type=activity&#038;p=98856"},"modified":"2026-04-01T12:43:21","modified_gmt":"2026-04-01T10:43:21","slug":"fn-utbildning-och-bibliotek-hanger-det-ihop","status":"publish","type":"activity","link":"https:\/\/www.settdagarna.se\/sv\/session\/fn-utbildning-och-bibliotek-hanger-det-ihop\/","title":{"rendered":"FN, utbildning och bibliotek \u2013 h\u00e4nger det ihop?"},"content":{"rendered":"\n<p>FN-organisationen Unesco har till uppdrag att bidra till fred och s\u00e4kerhet genom internationellt samarbete inom utbildning, vetenskap, kultur samt kommunikation och information. De flesta t\u00e4nker kanske p\u00e5 v\u00e4rldsarv n\u00e4r de h\u00f6r namnet Unesco, men organisationen har ocks\u00e5 ett stort ansvar f\u00f6r utbildning, yttrandefrihet och bibliotek. H\u00f6r Svenska Unescor\u00e5dets generalsekreterare Maria Wilenius beskriva hur FN-organisationens uppdrag h\u00e4nger ihop med verksamheten i svenska skolor.<\/p>\n","protected":false},"excerpt":{"rendered":"<p>FN-organisationen Unesco har till uppdrag att bidra till fred och s\u00e4kerhet genom internationellt samarbete inom utbildning, vetenskap, kultur samt kommunikation och information. De flesta t\u00e4nker kanske p\u00e5 v\u00e4rldsarv n\u00e4r de h\u00f6r namnet Unesco, men organisationen har ocks\u00e5 ett stort ansvar f\u00f6r utbildning, yttrandefrihet och bibliotek. H\u00f6r Svenska Unescor\u00e5dets generalsekreterare Maria Wilenius beskriva hur FN-organisationens uppdrag [&hellip;]<\/p>\n","protected":false},"featured_media":0,"template":"","meta":{"_seopress_robots_primary_cat":"","_seopress_titles_title":"","_seopress_titles_desc":"","_seopress_robots_index":"","_activity_time_start":"15:30","_activity_time_end":"16:00","_activity_date":"2026-04-14","_activity_price":"0","footnotes":""},"edition":[696],"location":[714],"track":[609],"activity_type":[629],"class_list":["post-98856","activity","type-activity","status-publish","hentry","edition-sett-2026","location-biblioteksscenen","track-sett-stage","activity_type-massbesokare"],"_guests":[{"href":"https:\/\/www.settdagarna.se\/sv\/wp-json\/wp\/v2\/guest\/98851"}],"_sponsors":[],"_cover_image":null,"_links":{"self":[{"href":"https:\/\/www.settdagarna.se\/sv\/wp-json\/wp\/v2\/activity\/98856","targetHints":{"allow":["GET"]}}],"collection":[{"href":"https:\/\/www.settdagarna.se\/sv\/wp-json\/wp\/v2\/activity"}],"about":[{"href":"https:\/\/www.settdagarna.se\/sv\/wp-json\/wp\/v2\/types\/activity"}],"version-history":[{"count":1,"href":"https:\/\/www.settdagarna.se\/sv\/wp-json\/wp\/v2\/activity\/98856\/revisions"}],"predecessor-version":[{"id":98859,"href":"https:\/\/www.settdagarna.se\/sv\/wp-json\/wp\/v2\/activity\/98856\/revisions\/98859"}],"wp:attachment":[{"href":"https:\/\/www.settdagarna.se\/sv\/wp-json\/wp\/v2\/media?parent=98856"}],"wp:term":[{"taxonomy":"edition","embeddable":true,"href":"https:\/\/www.settdagarna.se\/sv\/wp-json\/wp\/v2\/edition?post=98856"},{"taxonomy":"location","embeddable":true,"href":"https:\/\/www.settdagarna.se\/sv\/wp-json\/wp\/v2\/location?post=98856"},{"taxonomy":"track","embeddable":true,"href":"https:\/\/www.settdagarna.se\/sv\/wp-json\/wp\/v2\/track?post=98856"},{"taxonomy":"activity_type","embeddable":true,"href":"https:\/\/www.settdagarna.se\/sv\/wp-json\/wp\/v2\/activity_type?post=98856"}],"curies":[{"name":"wp","href":"https:\/\/api.w.org\/{rel}","templated":true}]}}